{"id":407,"date":"2018-06-14T14:45:59","date_gmt":"2018-06-14T14:45:59","guid":{"rendered":"https:\/\/neorgsite.com\/work\/maymo\/politica-de-privacidad\/"},"modified":"2024-09-05T17:34:19","modified_gmt":"2024-09-05T15:34:19","slug":"politica-de-privacidad","status":"publish","type":"page","link":"https:\/\/www.maymo.com\/fr\/politica-de-privacidad\/","title":{"rendered":"Pol\u00edtica de privacidad"},"content":{"rendered":"<p style=\"text-align: left;\">Le informamos que los datos personales de nuestros Clientes ser\u00e1n tratados de conformidad con los principios de transparencia, limitaci\u00f3n de la finalidad, minimizaci\u00f3n de datos, exactitud, integridad y confidencialidad, as\u00ed como respetando el resto de obligaciones y garant\u00edas establecidas en el Reglamento (UE) 2016\/679 del Parlamento Europeo y del Consejo de 27 de abril de 2016 relativo a la protecci\u00f3n de las personas f\u00edsicas en lo que respecta al tratamiento de datos personales y a la libre circulaci\u00f3n de estos datos.<\/p>\n<p style=\"text-align: left;\">A fin de cumplir con el mencionado Reglamento, hemos actualizado nuestra Pol\u00edtica de Privacidad:<\/p>\n<h2 style=\"text-align: left;\">Responsable<\/h2>\n<p style=\"text-align: left;\"><strong>Denominaci\u00f3n:<\/strong> MAYM\u00d3 COSMETICS, S.A.<\/p>\n<p style=\"text-align: left;\"><strong>CIF\/NIF:<\/strong> A08861726<\/p>\n<p style=\"text-align: left;\"><strong>Direcci\u00f3n:<\/strong> Avenida Europa 16, Pol. Ind. Empord\u00e0 Internacional, 17469 Vilamalla (Girona) Espa\u00f1a<\/p>\n<p style=\"text-align: left;\"><strong>Correo electr\u00f3nico:<\/strong> info@maymo.com<\/p>\n<h2 style=\"text-align: left;\">Finalidad del tratamiento<\/h2>\n<p style=\"text-align: left;\">En <strong>MAYM\u00d3 COSMETICS, S.A.<\/strong> tratamos la informaci\u00f3n que nos facilita con la finalidad de prestarle el servicio solicitado y enviarle comunicaciones relativas al contenido de nuestros productos y servicios, pudiendo ser enviada por medios electr\u00f3nicos.<\/p>\n<h2 style=\"text-align: left;\">Legitimaci\u00f3n del tratamiento<\/h2>\n<p style=\"text-align: left;\">La base legal para el tratamiento de sus datos con la finalidad de atender sus solicitudes o consultas, as\u00ed como proporcionarle informaci\u00f3n de los productos comercializados por <strong>MAYM\u00d3 COSMETICS, S.A.<\/strong> y\/o nuestra Newsletter es su consentimiento, prestado al rellenar los formularios habilitados al efecto en el sitio web al marcar la casilla correspondiente. No obstante, usted puede retirar su consentimiento en cualquier momento, sin que en ning\u00fan caso su retirada afecte a la licitud del tratamiento basado en el consentimiento previo a su retirada.<\/p>\n<p style=\"text-align: left;\">La Pol\u00edtica de la Entidad Local es no usar sus datos para otras finalidades distintas a las que hemos explicado. Si, no obstante, necesit\u00e1semos usar sus datos para actividades distintas, siempre le solicitaremos previamente su permiso a trav\u00e9s de opciones claras que le permitan recibir al respecto.<\/p>\n<h2 style=\"text-align: left;\">Per\u00edodo de conservaci\u00f3n de datos<\/h2>\n<p style=\"text-align: left;\">Conservaremos sus datos personales mientras usted no retire el consentimiento otorgado y mientras resulte necesario para el cumplimiento de las leyes como la Ley 7\/1985, de 2 de abril, reguladora de las Bases del R\u00e9gimen Local. Una vez finalizados los plazos, procederemos a eliminarlos de forma segura y respetuosa con el medio ambiente.<\/p>\n<h2 style=\"text-align: left;\">Fuente de datos<\/h2>\n<p style=\"text-align: left;\">Los datos personales que trataremos son sus datos identificativos que usted nos facilite a trav\u00e9s del formulario de contacto o formulario de suscripci\u00f3n a la Newsletter que encontrar\u00e1 en nuestro sitio web.<\/p>\n<h2 style=\"text-align: left;\">Comunicaci\u00f3n de sus datos<\/h2>\n<p style=\"text-align: left;\">Los datos personales que usted nos ha facilitado no ser\u00e1n comunicados a terceros excepto que exista obligaci\u00f3n legal para ello. En ese caso, podremos comunicar sus datos a las autoridades y entidades que as\u00ed lo requieran.<\/p>\n<p style=\"text-align: left;\">Si bien, para llevar a cabo determinadas funciones necesarias para la prestaci\u00f3n de los servicios, sus datos pueden ser tratados por terceros que actuar\u00e1n como encargados de tratamiento y que est\u00e9n obligados contractualmente a cumplir con sus obligaciones legales de encargado de tratamiento, a mantener la confidencialidad y secreto de la informaci\u00f3n.<\/p>\n<h2 style=\"text-align: left;\">Protecci\u00f3n de sus datos<\/h2>\n<p style=\"text-align: left;\">Protegeremos sus datos con medidas de seguridad t\u00e9cnicas y organizativas apropiadas, en relaci\u00f3n con la naturaleza de los datos y riesgos que su tratamiento conlleve para preservar la seguridad, la integridad, la disponibilidad y la confidencialidad de su informaci\u00f3n personal y, en particular, para evitar que la misma sea alterada, da\u00f1ada o transmitida a terceros no autorizados<\/p>\n<h2 style=\"text-align: left;\">\u00bfCu\u00e1les son sus derechos de protecci\u00f3n de datos?<\/h2>\n<ul style=\"text-align: left;\">\n<li><strong>Derecho de Acceso<\/strong>: Podr\u00e1 obtener confirmaci\u00f3n de si estamos tratando sus datos personales, as\u00ed como consultar sus datos personales incluidos en nuestros ficheros.<\/li>\n<li><strong>Derecho de Rectificaci\u00f3n<\/strong>: Podr\u00e1 modificar sus datos personales cuando sean inexactos, as\u00ed como completar aquellos que sean incompletos.<\/li>\n<li><strong>Derecho de Supresi\u00f3n<\/strong>: Podr\u00e1 solicitar la eliminaci\u00f3n de sus datos personales cuando, entre otros motivos, los datos ya no sean necesarios para los fines que fueron recogidos.<\/li>\n<li><strong>Derecho de Oposici\u00f3n<\/strong>: Podr\u00e1 solicitar que no se traten sus datos personales.<br \/>\nDejaremos de tratar los datos, salvo por motivos leg\u00edtimos imperiosos, o el ejercicio o la defensa de posibles reclamaciones.<\/li>\n<li><strong>Derecho de Limitaci\u00f3n del tratamiento: <\/strong>Podr\u00e1 solicitar la limitaci\u00f3n al tratamiento de sus datos en los siguientes supuestos:\n<ul>\n<li>Mientras compruebe la impugnaci\u00f3n de la exactitud de sus datos.<\/li>\n<li>Cuando el tratamiento sea il\u00edcito, usted se oponga a la supresi\u00f3n de sus datos, y solicite la limitaci\u00f3n de su uso.<\/li>\n<li>Cuando no necesitemos tratar sus datos, pero usted los necesite para el ejercicio o la defensa de reclamaciones.<\/li>\n<li>Cuando se haya opuesto al tratamiento de sus datos para el cumplimiento de una misi\u00f3n de inter\u00e9s p\u00fablico o para la satisfacci\u00f3n de un inter\u00e9s leg\u00edtimo, mientras se verifica si los motivos leg\u00edtimos para el tratamiento prevalecen sobre los suyos.<\/li>\n<\/ul>\n<\/li>\n<li><strong>Derecho de portabilidad<\/strong>: Podr\u00e1 recibir, en formato electr\u00f3nico, los datos personales que nos haya facilitado y aquellos que se hayan obtenido de su relaci\u00f3n contractual con nosotros, as\u00ed como transmitirlos a otra entidad.<\/li>\n<\/ul>\n<p style=\"text-align: left;\">Para el ejercicio de los derechos deber\u00e1 dirigirlos una comunicaci\u00f3n escrita a trav\u00e9s de este correo electr\u00f3nico a la direcci\u00f3n <a href=\"mailto:info@maymo.com\">info@maymo.com<\/a> especificando el derecho que desea ejercitar.<\/p>\n<p style=\"text-align: left;\">As\u00ed mismo le informamos que puede usted solicitar la tutela de sus derechos ante la Agencia Espa\u00f1ola de la Protecci\u00f3n de Datos con sede en la Calle Jorge Juan 6, 28001 Madrid.<\/p>\n<h2 style=\"text-align: left;\">Redes sociales<\/h2>\n<p style=\"text-align: left;\">Le informamos que <strong>MAYM\u00d3 COSMETICS S.A.<\/strong> est\u00e1 presente en redes sociales. El tratamiento de los datos que se realice de las personas que se hagan seguidoras en las redes sociales a trav\u00e9s de cualquiera de las p\u00e1ginas (y\/o realicen cualquier v\u00ednculo o acci\u00f3n de conexi\u00f3n a trav\u00e9s de las redes sociales) oficiales de <strong>MAYM\u00d3 COSMETICS S.A.<\/strong> se regir\u00e1 por este apartado, as\u00ed como por aquellas condiciones de uso, pol\u00edticas de privacidad y normativas de acceso, uso y similares que pertenezcan a la red social que proceda en cada caso y aceptadas previamente por el usuario. <strong>MAYM\u00d3 COSMETICS S.A.<\/strong> sus datos con las finalidades de administrar correctamente su presencia en la red social, inform\u00e1ndote de actividades o servicios de <strong>MAYM\u00d3 COSMETICS S.A.<\/strong> as\u00ed como para cualquier otra finalidad que las normativas de las redes sociales puedan permitir.<\/p>\n<p style=\"text-align: left;\">A continuaci\u00f3n, detallamos los enlaces a la pol\u00edtica de privacidad de las diferentes Redes Sociales:<\/p>\n<p style=\"text-align: left;\">Facebook:\u00a0\u00a0\u00a0\u00a0\u00a0\u00a0\u00a0\u00a0\u00a0\u00a0\u00a0 <a href=\"https:\/\/www.facebook.com\/help\/323540651073243\/\">https:\/\/www.facebook.com\/help\/323540651073243\/<\/a><\/p>\n<p style=\"text-align: left;\">Twitter:\u00a0\u00a0\u00a0\u00a0\u00a0\u00a0\u00a0\u00a0\u00a0\u00a0\u00a0\u00a0\u00a0\u00a0\u00a0\u00a0 <a href=\"https:\/\/twitter.com\/privacy\">https:\/\/twitter.com\/privacy<\/a><\/p>\n<p style=\"text-align: left;\">Instagram:\u00a0\u00a0\u00a0\u00a0\u00a0\u00a0\u00a0\u00a0\u00a0\u00a0 <a href=\"https:\/\/es-la.facebook.com\/help\/instagram\/155833707900388\/\">https:\/\/es-la.facebook.com\/help\/instagram\/155833707900388\/<\/a><\/p>\n<p style=\"text-align: left;\">YouTube:\u00a0\u00a0\u00a0\u00a0\u00a0\u00a0\u00a0\u00a0\u00a0\u00a0\u00a0\u00a0\u00a0 <a href=\"https:\/\/www.youtube.com\/intl\/es\/about\/policies\/#community-guidelines\">https:\/\/www.youtube.com\/intl\/es\/about\/policies\/#community-guidelines<\/a><\/p>\n<p style=\"text-align: left;\">LinkedIn:\u00a0\u00a0\u00a0\u00a0\u00a0\u00a0\u00a0\u00a0\u00a0\u00a0\u00a0\u00a0\u00a0\u00a0 <a href=\"https:\/\/www.linkedin.com\/legal\/privacy-policy?_l=es_ES\">https:\/\/www.linkedin.com\/legal\/privacy-policy?_l=es_ES<\/a><\/p>\n<p style=\"text-align: left;\">Vimeo:\u00a0\u00a0\u00a0\u00a0\u00a0\u00a0\u00a0\u00a0\u00a0\u00a0\u00a0\u00a0\u00a0\u00a0\u00a0\u00a0 <a href=\"https:\/\/vimeo.com\/privacy\">https:\/\/vimeo.com\/privacy<\/a><\/p>\n<p style=\"text-align: left;\">Pinterest:\u00a0\u00a0\u00a0\u00a0\u00a0\u00a0\u00a0\u00a0\u00a0\u00a0\u00a0\u00a0\u00a0 <a href=\"https:\/\/policy.pinterest.com\/es\/privacy-policy\">https:\/\/policy.pinterest.com\/es\/privacy-policy<\/a><\/p>\n<p style=\"text-align: left;\">TikTok:\u00a0\u00a0\u00a0\u00a0\u00a0\u00a0\u00a0\u00a0\u00a0\u00a0\u00a0\u00a0\u00a0\u00a0\u00a0\u00a0 <a href=\"https:\/\/www.tiktok.com\/legal\/page\/eea\/privacy-policy\/es\">https:\/\/www.tiktok.com\/legal\/page\/eea\/privacy-policy\/es<\/a><\/p>\n","protected":false},"excerpt":{"rendered":"<p>Le informamos que los datos personales de nuestros Clientes ser\u00e1n tratados de conformidad con los principios de transparencia, limitaci\u00f3n de la finalidad, minimizaci\u00f3n de datos, exactitud, integridad y confidencialidad, as\u00ed como respetando el resto de obligaciones y garant\u00edas establecidas en el Reglamento (UE) 2016\/679 del Parlamento Europeo y del Consejo de 27 de abril de [&hellip;]<\/p>\n","protected":false},"author":1,"featured_media":0,"parent":0,"menu_order":0,"comment_status":"closed","ping_status":"closed","template":"","meta":{"footnotes":""},"_links":{"self":[{"href":"https:\/\/www.maymo.com\/fr\/wp-json\/wp\/v2\/pages\/407"}],"collection":[{"href":"https:\/\/www.maymo.com\/fr\/wp-json\/wp\/v2\/pages"}],"about":[{"href":"https:\/\/www.maymo.com\/fr\/wp-json\/wp\/v2\/types\/page"}],"author":[{"embeddable":true,"href":"https:\/\/www.maymo.com\/fr\/wp-json\/wp\/v2\/users\/1"}],"replies":[{"embeddable":true,"href":"https:\/\/www.maymo.com\/fr\/wp-json\/wp\/v2\/comments?post=407"}],"version-history":[{"count":4,"href":"https:\/\/www.maymo.com\/fr\/wp-json\/wp\/v2\/pages\/407\/revisions"}],"predecessor-version":[{"id":1368,"href":"https:\/\/www.maymo.com\/fr\/wp-json\/wp\/v2\/pages\/407\/revisions\/1368"}],"wp:attachment":[{"href":"https:\/\/www.maymo.com\/fr\/wp-json\/wp\/v2\/media?parent=407"}],"curies":[{"name":"wp","href":"https:\/\/api.w.org\/{rel}","templated":true}]}}